{"id":13474,"date":"2022-02-28T18:01:47","date_gmt":"2022-02-28T17:01:47","guid":{"rendered":"https:\/\/isocial.cat\/organs-de-govern\/"},"modified":"2024-05-06T18:07:34","modified_gmt":"2024-05-06T16:07:34","slug":"patronatua","status":"publish","type":"page","link":"https:\/\/isocial.cat\/eu\/patronatua\/","title":{"rendered":"Patronatua"},"content":{"rendered":"\n<div class=\"wp-block-genesis-blocks-gb-container alignfull header--3 subhome--1 gb-block-container\"><div class=\"gb-container-inside\"><div class=\"gb-container-content\">\n<div class=\"wp-block-genesis-blocks-gb-container container gb-block-container\"><div class=\"gb-container-inside\"><div class=\"gb-container-content\">\n<span class=\"parent--link animated fadeInUp slow\"><a href=\"https:\/\/isocial.cat\/eu\/fundazioa\/\">Fundazioa<\/a><\/span>\n\n\n<h1 class=\"animated fadeInUp delay-200ms slow wp-block-post-title\">Patronatua<\/h1>\n\n<div class=\"animated fadeInUp delay-500ms slow wp-block-post-excerpt\"><p class=\"wp-block-post-excerpt__excerpt\">Patronatuko eta Gizarte Kontseiluko kideak. <\/p><\/div><\/div><\/div><\/div>\n<\/div><\/div><\/div>\n\n\n\n<div class=\"wp-block-genesis-blocks-gb-container container--2 subhome gb-block-container\"><div class=\"gb-container-inside\"><div class=\"gb-container-content\">\n<div class=\"wp-block-genesis-blocks-gb-columns fila persones animated fadeInUp slow delay-1s gb-layout-columns-5 gb-5-col-equal\"><div class=\"gb-layout-column-wrap gb-block-layout-column-gap-2 gb-is-responsive-column\">\n<div class=\"wp-block-genesis-blocks-gb-column columna-img-subhome gb-block-layout-column\"><div class=\"gb-block-layout-column-inner\">\n<figure class=\"wp-block-image size-full\"><img loading=\"lazy\" decoding=\"async\" width=\"1000\" height=\"1000\" src=\"https:\/\/isocial.cat\/wp-content\/uploads\/2022\/04\/manuel_aguilar.jpg\" alt=\"Manuel Aguilar Hendrickson\" class=\"wp-image-2384\" srcset=\"https:\/\/isocial.cat\/wp-content\/uploads\/2022\/04\/manuel_aguilar.jpg 1000w, https:\/\/isocial.cat\/wp-content\/uploads\/2022\/04\/manuel_aguilar-300x300.jpg 300w, https:\/\/isocial.cat\/wp-content\/uploads\/2022\/04\/manuel_aguilar-100x100.jpg 100w, https:\/\/isocial.cat\/wp-content\/uploads\/2022\/04\/manuel_aguilar-400x400.jpg 400w, https:\/\/isocial.cat\/wp-content\/uploads\/2022\/04\/manuel_aguilar-150x150.jpg 150w, https:\/\/isocial.cat\/wp-content\/uploads\/2022\/04\/manuel_aguilar-768x768.jpg 768w, https:\/\/isocial.cat\/wp-content\/uploads\/2022\/04\/manuel_aguilar-600x600.jpg 600w\" sizes=\"auto, (max-width: 1000px) 100vw, 1000px\" \/><\/figure>\n\n\n<style>.wp-block-kadence-advancedheading.kt-adv-heading13474_1ed1e3-90, .wp-block-kadence-advancedheading.kt-adv-heading13474_1ed1e3-90[data-kb-block=\"kb-adv-heading13474_1ed1e3-90\"]{font-style:normal;}.wp-block-kadence-advancedheading.kt-adv-heading13474_1ed1e3-90 mark.kt-highlight, .wp-block-kadence-advancedheading.kt-adv-heading13474_1ed1e3-90[data-kb-block=\"kb-adv-heading13474_1ed1e3-90\"] mark.kt-highlight{font-style:normal;color:#f76a0c;-webkit-box-decoration-break:clone;box-decoration-break:clone;padding-top:0px;padding-right:0px;padding-bottom:0px;padding-left:0px;}.wp-block-kadence-advancedheading.kt-adv-heading13474_1ed1e3-90 img.kb-inline-image, .wp-block-kadence-advancedheading.kt-adv-heading13474_1ed1e3-90[data-kb-block=\"kb-adv-heading13474_1ed1e3-90\"] img.kb-inline-image{width:150px;vertical-align:baseline;}<\/style>\n<h2 class=\"kt-adv-heading13474_1ed1e3-90 wp-block-kadence-advancedheading\" data-kb-block=\"kb-adv-heading13474_1ed1e3-90\">Manuel Aguilar Hendrickson<\/h2>\n\n\n\n<p>Miembro del Consejo Social<\/p>\n\n\n\n<div class=\"wp-block-getwid-toggle curriculum has-icon-left\">\n<div class=\"wp-block-getwid-toggle__row\"><div class=\"wp-block-getwid-toggle__header-wrapper\"><span class=\"wp-block-getwid-toggle__header\"><a href=\"#\"><span class=\"wp-block-getwid-toggle__header-title\">CV<\/span><span class=\"wp-block-getwid-toggle__icon is-active\"><i class=\"fas fa-plus\"><\/i><\/span><span class=\"wp-block-getwid-toggle__icon is-passive\"><i class=\"fas fa-minus\"><\/i><\/span><\/a><\/span><\/div><div class=\"wp-block-getwid-toggle__content-wrapper\"><div class=\"wp-block-getwid-toggle__content\">\n<p>Soci\u00f3logo. Profesor e investigador de pol\u00edticas sociales y servicios sociales en la Escuela de Trabajo Social de la Universitat de Barcelona (UB). Asesor del gobierno espa\u00f1ol y de gobiernos auton\u00f3micos en servicios sociales, planes de inclusi\u00f3n y sistemas de rentas m\u00ednimas.<\/p>\n<\/div><\/div><\/div>\n<\/div>\n<\/div><\/div>\n\n\n\n<div class=\"wp-block-genesis-blocks-gb-column columna-img-subhome gb-block-layout-column\"><div class=\"gb-block-layout-column-inner\">\n<figure class=\"wp-block-image size-full\"><img loading=\"lazy\" decoding=\"async\" width=\"1000\" height=\"1000\" src=\"https:\/\/isocial.cat\/wp-content\/uploads\/2022\/04\/enric_arques.jpg\" alt=\"Enric Arqu\u00e9s\" class=\"wp-image-2383\" srcset=\"https:\/\/isocial.cat\/wp-content\/uploads\/2022\/04\/enric_arques.jpg 1000w, https:\/\/isocial.cat\/wp-content\/uploads\/2022\/04\/enric_arques-300x300.jpg 300w, https:\/\/isocial.cat\/wp-content\/uploads\/2022\/04\/enric_arques-100x100.jpg 100w, https:\/\/isocial.cat\/wp-content\/uploads\/2022\/04\/enric_arques-400x400.jpg 400w, https:\/\/isocial.cat\/wp-content\/uploads\/2022\/04\/enric_arques-150x150.jpg 150w, https:\/\/isocial.cat\/wp-content\/uploads\/2022\/04\/enric_arques-768x768.jpg 768w, https:\/\/isocial.cat\/wp-content\/uploads\/2022\/04\/enric_arques-600x600.jpg 600w\" sizes=\"auto, (max-width: 1000px) 100vw, 1000px\" \/><\/figure>\n\n\n<style>.wp-block-kadence-advancedheading.kt-adv-heading13474_a87344-24, .wp-block-kadence-advancedheading.kt-adv-heading13474_a87344-24[data-kb-block=\"kb-adv-heading13474_a87344-24\"]{font-style:normal;}.wp-block-kadence-advancedheading.kt-adv-heading13474_a87344-24 mark.kt-highlight, .wp-block-kadence-advancedheading.kt-adv-heading13474_a87344-24[data-kb-block=\"kb-adv-heading13474_a87344-24\"] mark.kt-highlight{font-style:normal;color:#f76a0c;-webkit-box-decoration-break:clone;box-decoration-break:clone;padding-top:0px;padding-right:0px;padding-bottom:0px;padding-left:0px;}.wp-block-kadence-advancedheading.kt-adv-heading13474_a87344-24 img.kb-inline-image, .wp-block-kadence-advancedheading.kt-adv-heading13474_a87344-24[data-kb-block=\"kb-adv-heading13474_a87344-24\"] img.kb-inline-image{width:150px;vertical-align:baseline;}<\/style>\n<h2 class=\"kt-adv-heading13474_a87344-24 wp-block-kadence-advancedheading\" data-kb-block=\"kb-adv-heading13474_a87344-24\">Enric Arqu\u00e9s<\/h2>\n\n\n\n<p>Vocal del Patronato. Representante de Fund. JOIA<\/p>\n\n\n\n<div class=\"wp-block-getwid-toggle curriculum has-icon-left\">\n<div class=\"wp-block-getwid-toggle__row\"><div class=\"wp-block-getwid-toggle__header-wrapper\"><span class=\"wp-block-getwid-toggle__header\"><a href=\"#\"><span class=\"wp-block-getwid-toggle__header-title\">CV<\/span><span class=\"wp-block-getwid-toggle__icon is-active\"><i class=\"fas fa-plus\"><\/i><\/span><span class=\"wp-block-getwid-toggle__icon is-passive\"><i class=\"fas fa-minus\"><\/i><\/span><\/a><\/span><\/div><div class=\"wp-block-getwid-toggle__content-wrapper\"><div class=\"wp-block-getwid-toggle__content\">\n<p>Psic\u00f3logo y terapeuta familiar. Codirector de la Fundaci\u00f3 JOIA. Presidente del Foro de Iniciativas asistenciales y de gesti\u00f3n en Salud Mental y Adicciones en Catalunya. Secretario de la asociaci\u00f3n de lucha contra el estigma Obertament. Vicepresidente de la Fundaci\u00f3n Habitat-3. Vocal de la junta de La Uni\u00f3n-asociaci\u00f3n de entidades sanitarias y sociales.<\/p>\n<\/div><\/div><\/div>\n<\/div>\n<\/div><\/div>\n\n\n\n<div class=\"wp-block-genesis-blocks-gb-column columna-img-subhome gb-block-layout-column\"><div class=\"gb-block-layout-column-inner\">\n<figure class=\"wp-block-image size-full\"><img loading=\"lazy\" decoding=\"async\" width=\"1000\" height=\"1000\" src=\"https:\/\/isocial.cat\/wp-content\/uploads\/2022\/04\/m_angels_cabases.jpg\" alt=\"Maria \u00c0ngels Cabas\u00e9s\" class=\"wp-image-2382\" srcset=\"https:\/\/isocial.cat\/wp-content\/uploads\/2022\/04\/m_angels_cabases.jpg 1000w, https:\/\/isocial.cat\/wp-content\/uploads\/2022\/04\/m_angels_cabases-300x300.jpg 300w, https:\/\/isocial.cat\/wp-content\/uploads\/2022\/04\/m_angels_cabases-100x100.jpg 100w, https:\/\/isocial.cat\/wp-content\/uploads\/2022\/04\/m_angels_cabases-400x400.jpg 400w, https:\/\/isocial.cat\/wp-content\/uploads\/2022\/04\/m_angels_cabases-150x150.jpg 150w, https:\/\/isocial.cat\/wp-content\/uploads\/2022\/04\/m_angels_cabases-768x768.jpg 768w, https:\/\/isocial.cat\/wp-content\/uploads\/2022\/04\/m_angels_cabases-600x600.jpg 600w\" sizes=\"auto, (max-width: 1000px) 100vw, 1000px\" \/><\/figure>\n\n\n<style>.wp-block-kadence-advancedheading.kt-adv-heading13474_a9d4db-a2, .wp-block-kadence-advancedheading.kt-adv-heading13474_a9d4db-a2[data-kb-block=\"kb-adv-heading13474_a9d4db-a2\"]{font-style:normal;}.wp-block-kadence-advancedheading.kt-adv-heading13474_a9d4db-a2 mark.kt-highlight, .wp-block-kadence-advancedheading.kt-adv-heading13474_a9d4db-a2[data-kb-block=\"kb-adv-heading13474_a9d4db-a2\"] mark.kt-highlight{font-style:normal;color:#f76a0c;-webkit-box-decoration-break:clone;box-decoration-break:clone;padding-top:0px;padding-right:0px;padding-bottom:0px;padding-left:0px;}.wp-block-kadence-advancedheading.kt-adv-heading13474_a9d4db-a2 img.kb-inline-image, .wp-block-kadence-advancedheading.kt-adv-heading13474_a9d4db-a2[data-kb-block=\"kb-adv-heading13474_a9d4db-a2\"] img.kb-inline-image{width:150px;vertical-align:baseline;}<\/style>\n<h2 class=\"kt-adv-heading13474_a9d4db-a2 wp-block-kadence-advancedheading\" data-kb-block=\"kb-adv-heading13474_a9d4db-a2\">Maria \u00c0ngels Cabas\u00e9s<\/h2>\n\n\n\n<p>Miembro del Consejo Social<\/p>\n\n\n\n<div class=\"wp-block-getwid-toggle curriculum has-icon-left\">\n<div class=\"wp-block-getwid-toggle__row\"><div class=\"wp-block-getwid-toggle__header-wrapper\"><span class=\"wp-block-getwid-toggle__header\"><a href=\"#\"><span class=\"wp-block-getwid-toggle__header-title\">CV<\/span><span class=\"wp-block-getwid-toggle__icon is-active\"><i class=\"fas fa-plus\"><\/i><\/span><span class=\"wp-block-getwid-toggle__icon is-passive\"><i class=\"fas fa-minus\"><\/i><\/span><\/a><\/span><\/div><div class=\"wp-block-getwid-toggle__content-wrapper\"><div class=\"wp-block-getwid-toggle__content\">\n<p>Economista. Profesora y directora del Departamento de Econom\u00eda Aplicada de la Universitat de Lleida (UdL). Miembro del grupo de investigaci\u00f3n JOVIS.com, donde investiga el comportamiento del mercado laboral juvenil. Secretaria general del Consejo Interuniversitario de Catalunya (2006-2008). Diputada del Parlament de Catalunya (2008-2010).<\/p>\n<\/div><\/div><\/div>\n<\/div>\n<\/div><\/div>\n\n\n\n<div class=\"wp-block-genesis-blocks-gb-column columna-img-subhome gb-block-layout-column\"><div class=\"gb-block-layout-column-inner\">\n<figure class=\"wp-block-image size-full\"><img loading=\"lazy\" decoding=\"async\" width=\"1000\" height=\"1000\" src=\"https:\/\/isocial.cat\/wp-content\/uploads\/2022\/04\/montse-cervera.png\" alt=\"Montse Cervera\" class=\"wp-image-2380\" srcset=\"https:\/\/isocial.cat\/wp-content\/uploads\/2022\/04\/montse-cervera.png 1000w, https:\/\/isocial.cat\/wp-content\/uploads\/2022\/04\/montse-cervera-300x300.png 300w, https:\/\/isocial.cat\/wp-content\/uploads\/2022\/04\/montse-cervera-100x100.png 100w, https:\/\/isocial.cat\/wp-content\/uploads\/2022\/04\/montse-cervera-400x400.png 400w, https:\/\/isocial.cat\/wp-content\/uploads\/2022\/04\/montse-cervera-150x150.png 150w, https:\/\/isocial.cat\/wp-content\/uploads\/2022\/04\/montse-cervera-768x768.png 768w, https:\/\/isocial.cat\/wp-content\/uploads\/2022\/04\/montse-cervera-600x600.png 600w\" sizes=\"auto, (max-width: 1000px) 100vw, 1000px\" \/><\/figure>\n\n\n<style>.wp-block-kadence-advancedheading.kt-adv-heading13474_037d30-4a, .wp-block-kadence-advancedheading.kt-adv-heading13474_037d30-4a[data-kb-block=\"kb-adv-heading13474_037d30-4a\"]{font-style:normal;}.wp-block-kadence-advancedheading.kt-adv-heading13474_037d30-4a mark.kt-highlight, .wp-block-kadence-advancedheading.kt-adv-heading13474_037d30-4a[data-kb-block=\"kb-adv-heading13474_037d30-4a\"] mark.kt-highlight{font-style:normal;color:#f76a0c;-webkit-box-decoration-break:clone;box-decoration-break:clone;padding-top:0px;padding-right:0px;padding-bottom:0px;padding-left:0px;}.wp-block-kadence-advancedheading.kt-adv-heading13474_037d30-4a img.kb-inline-image, .wp-block-kadence-advancedheading.kt-adv-heading13474_037d30-4a[data-kb-block=\"kb-adv-heading13474_037d30-4a\"] img.kb-inline-image{width:150px;vertical-align:baseline;}<\/style>\n<h2 class=\"kt-adv-heading13474_037d30-4a wp-block-kadence-advancedheading\" data-kb-block=\"kb-adv-heading13474_037d30-4a\">Montse Cervera<\/h2>\n\n\n\n<p>Presidenta. Representante de Fundaci\u00f3n AMPANS<\/p>\n\n\n\n<div class=\"wp-block-getwid-toggle curriculum has-icon-left\">\n<div class=\"wp-block-getwid-toggle__row\"><div class=\"wp-block-getwid-toggle__header-wrapper\"><span class=\"wp-block-getwid-toggle__header\"><a href=\"#\"><span class=\"wp-block-getwid-toggle__header-title\">CV<\/span><span class=\"wp-block-getwid-toggle__icon is-active\"><i class=\"fas fa-plus\"><\/i><\/span><span class=\"wp-block-getwid-toggle__icon is-passive\"><i class=\"fas fa-minus\"><\/i><\/span><\/a><\/span><\/div><div class=\"wp-block-getwid-toggle__content-wrapper\"><div class=\"wp-block-getwid-toggle__content\">\n<p>Licenciada en Pedagog\u00eda, ha trabajado en distintos \u00e1mbitos de los servicios sociales donde ha ejercido varias responsabilidades, tanto en el sector p\u00fablico como en el sector privado: directora general del Institut Catal\u00e1n de Asistencia y Servicios Sociales-ICASS (1999-2003), directora de la unidad socio-sanitaria de Antares Consulting (2007-2016), y responsable de innovaci\u00f3n de la Fundaci\u00f3n Ampans (2015-2020.<\/p>\n<\/div><\/div><\/div>\n<\/div>\n<\/div><\/div>\n\n\n\n<div class=\"wp-block-genesis-blocks-gb-column gb-block-layout-column\"><div class=\"gb-block-layout-column-inner\">\n<figure class=\"wp-block-image size-full\"><img loading=\"lazy\" decoding=\"async\" width=\"1000\" height=\"1000\" src=\"https:\/\/isocial.cat\/wp-content\/uploads\/2022\/04\/ricard_faura.jpg\" alt=\"Ricard Faura\" class=\"wp-image-2379\" srcset=\"https:\/\/isocial.cat\/wp-content\/uploads\/2022\/04\/ricard_faura.jpg 1000w, https:\/\/isocial.cat\/wp-content\/uploads\/2022\/04\/ricard_faura-300x300.jpg 300w, https:\/\/isocial.cat\/wp-content\/uploads\/2022\/04\/ricard_faura-100x100.jpg 100w, https:\/\/isocial.cat\/wp-content\/uploads\/2022\/04\/ricard_faura-400x400.jpg 400w, https:\/\/isocial.cat\/wp-content\/uploads\/2022\/04\/ricard_faura-150x150.jpg 150w, https:\/\/isocial.cat\/wp-content\/uploads\/2022\/04\/ricard_faura-768x768.jpg 768w, https:\/\/isocial.cat\/wp-content\/uploads\/2022\/04\/ricard_faura-600x600.jpg 600w\" sizes=\"auto, (max-width: 1000px) 100vw, 1000px\" \/><\/figure>\n\n\n<style>.wp-block-kadence-advancedheading.kt-adv-heading13474_6511d7-71, .wp-block-kadence-advancedheading.kt-adv-heading13474_6511d7-71[data-kb-block=\"kb-adv-heading13474_6511d7-71\"]{font-style:normal;}.wp-block-kadence-advancedheading.kt-adv-heading13474_6511d7-71 mark.kt-highlight, .wp-block-kadence-advancedheading.kt-adv-heading13474_6511d7-71[data-kb-block=\"kb-adv-heading13474_6511d7-71\"] mark.kt-highlight{font-style:normal;color:#f76a0c;-webkit-box-decoration-break:clone;box-decoration-break:clone;padding-top:0px;padding-right:0px;padding-bottom:0px;padding-left:0px;}.wp-block-kadence-advancedheading.kt-adv-heading13474_6511d7-71 img.kb-inline-image, .wp-block-kadence-advancedheading.kt-adv-heading13474_6511d7-71[data-kb-block=\"kb-adv-heading13474_6511d7-71\"] img.kb-inline-image{width:150px;vertical-align:baseline;}<\/style>\n<h2 class=\"kt-adv-heading13474_6511d7-71 wp-block-kadence-advancedheading\" data-kb-block=\"kb-adv-heading13474_6511d7-71\">Ricard Faura<\/h2>\n\n\n\n<p>Miembro del Consejo Social<\/p>\n\n\n\n<div class=\"wp-block-getwid-toggle curriculum has-icon-left\">\n<div class=\"wp-block-getwid-toggle__row\"><div class=\"wp-block-getwid-toggle__header-wrapper\"><span class=\"wp-block-getwid-toggle__header\"><a href=\"#\"><span class=\"wp-block-getwid-toggle__header-title\">CV<\/span><span class=\"wp-block-getwid-toggle__icon is-active\"><i class=\"fas fa-plus\"><\/i><\/span><span class=\"wp-block-getwid-toggle__icon is-passive\"><i class=\"fas fa-minus\"><\/i><\/span><\/a><\/span><\/div><div class=\"wp-block-getwid-toggle__content-wrapper\"><div class=\"wp-block-getwid-toggle__content\">\n<p>Tecno-antrop\u00f3logo. Jefe de Servicio de Inclusi\u00f3n y Capacitaci\u00f3n Digital de la Direcci\u00f3n General de Sociedad Digital de la Generalitat de Catalunya. Ponente de Ciencias y Tecnolog\u00eda del Ateneu Barcelon\u00e8s. Profesor colaborador de la Universitat Oberta de Catalunya (UOC).<\/p>\n<\/div><\/div><\/div>\n<\/div>\n<\/div><\/div>\n<\/div><\/div>\n\n\n\n<div class=\"wp-block-genesis-blocks-gb-columns fila persones animated fadeInUp slow gb-layout-columns-5 gb-5-col-equal\"><div class=\"gb-layout-column-wrap gb-block-layout-column-gap-2 gb-is-responsive-column\">\n<div class=\"wp-block-genesis-blocks-gb-column columna-img-subhome gb-block-layout-column\"><div class=\"gb-block-layout-column-inner\">\n<figure class=\"wp-block-image size-full\"><img loading=\"lazy\" decoding=\"async\" width=\"1000\" height=\"1000\" src=\"https:\/\/isocial.cat\/wp-content\/uploads\/2022\/04\/joan-ramon-ferrer.png\" alt=\"Josep-Ramon Ferrer\" class=\"wp-image-2378\" srcset=\"https:\/\/isocial.cat\/wp-content\/uploads\/2022\/04\/joan-ramon-ferrer.png 1000w, https:\/\/isocial.cat\/wp-content\/uploads\/2022\/04\/joan-ramon-ferrer-300x300.png 300w, https:\/\/isocial.cat\/wp-content\/uploads\/2022\/04\/joan-ramon-ferrer-100x100.png 100w, https:\/\/isocial.cat\/wp-content\/uploads\/2022\/04\/joan-ramon-ferrer-400x400.png 400w, https:\/\/isocial.cat\/wp-content\/uploads\/2022\/04\/joan-ramon-ferrer-150x150.png 150w, https:\/\/isocial.cat\/wp-content\/uploads\/2022\/04\/joan-ramon-ferrer-768x768.png 768w, https:\/\/isocial.cat\/wp-content\/uploads\/2022\/04\/joan-ramon-ferrer-600x600.png 600w\" sizes=\"auto, (max-width: 1000px) 100vw, 1000px\" \/><\/figure>\n\n\n<style>.wp-block-kadence-advancedheading.kt-adv-heading13474_52fa8b-9d, .wp-block-kadence-advancedheading.kt-adv-heading13474_52fa8b-9d[data-kb-block=\"kb-adv-heading13474_52fa8b-9d\"]{font-style:normal;}.wp-block-kadence-advancedheading.kt-adv-heading13474_52fa8b-9d mark.kt-highlight, .wp-block-kadence-advancedheading.kt-adv-heading13474_52fa8b-9d[data-kb-block=\"kb-adv-heading13474_52fa8b-9d\"] mark.kt-highlight{font-style:normal;color:#f76a0c;-webkit-box-decoration-break:clone;box-decoration-break:clone;padding-top:0px;padding-right:0px;padding-bottom:0px;padding-left:0px;}.wp-block-kadence-advancedheading.kt-adv-heading13474_52fa8b-9d img.kb-inline-image, .wp-block-kadence-advancedheading.kt-adv-heading13474_52fa8b-9d[data-kb-block=\"kb-adv-heading13474_52fa8b-9d\"] img.kb-inline-image{width:150px;vertical-align:baseline;}<\/style>\n<h2 class=\"kt-adv-heading13474_52fa8b-9d wp-block-kadence-advancedheading\" data-kb-block=\"kb-adv-heading13474_52fa8b-9d\">Josep-Ramon Ferrer<\/h2>\n\n\n\n<p>Miembro del Consejo Social<\/p>\n\n\n\n<div class=\"wp-block-getwid-toggle curriculum has-icon-left\">\n<div class=\"wp-block-getwid-toggle__row\"><div class=\"wp-block-getwid-toggle__header-wrapper\"><span class=\"wp-block-getwid-toggle__header\"><a href=\"#\"><span class=\"wp-block-getwid-toggle__header-title\">CV<\/span><span class=\"wp-block-getwid-toggle__icon is-active\"><i class=\"fas fa-plus\"><\/i><\/span><span class=\"wp-block-getwid-toggle__icon is-passive\"><i class=\"fas fa-minus\"><\/i><\/span><\/a><\/span><\/div><div class=\"wp-block-getwid-toggle__content-wrapper\"><div class=\"wp-block-getwid-toggle__content\">\n<p>Ingeniero, experto en Smart Cities. Director General de Telecomunicaciones (2006-2010) y Director General de Sociedad de la Informaci\u00f3n de la Generalitat de Catalunya (2010). Director de Smart City del Ayuntamiento de Barcelona (2012-2015).<\/p>\n<\/div><\/div><\/div>\n<\/div>\n<\/div><\/div>\n\n\n\n<div class=\"wp-block-genesis-blocks-gb-column columna-img-subhome gb-block-layout-column\"><div class=\"gb-block-layout-column-inner\">\n<figure class=\"wp-block-image size-full\"><img loading=\"lazy\" decoding=\"async\" width=\"1000\" height=\"1000\" src=\"https:\/\/isocial.cat\/wp-content\/uploads\/2022\/04\/chon-gonzalez-mestre-revisada-277x300.DEF_.jpg\" alt=\"Assumpci\u00f3 Gonz\u00e0lez\" class=\"wp-image-2377\" srcset=\"https:\/\/isocial.cat\/wp-content\/uploads\/2022\/04\/chon-gonzalez-mestre-revisada-277x300.DEF_.jpg 1000w, https:\/\/isocial.cat\/wp-content\/uploads\/2022\/04\/chon-gonzalez-mestre-revisada-277x300.DEF_-300x300.jpg 300w, https:\/\/isocial.cat\/wp-content\/uploads\/2022\/04\/chon-gonzalez-mestre-revisada-277x300.DEF_-100x100.jpg 100w, https:\/\/isocial.cat\/wp-content\/uploads\/2022\/04\/chon-gonzalez-mestre-revisada-277x300.DEF_-400x400.jpg 400w, https:\/\/isocial.cat\/wp-content\/uploads\/2022\/04\/chon-gonzalez-mestre-revisada-277x300.DEF_-150x150.jpg 150w, https:\/\/isocial.cat\/wp-content\/uploads\/2022\/04\/chon-gonzalez-mestre-revisada-277x300.DEF_-768x768.jpg 768w, https:\/\/isocial.cat\/wp-content\/uploads\/2022\/04\/chon-gonzalez-mestre-revisada-277x300.DEF_-600x600.jpg 600w\" sizes=\"auto, (max-width: 1000px) 100vw, 1000px\" \/><\/figure>\n\n\n<style>.wp-block-kadence-advancedheading.kt-adv-heading13474_4930a0-cf, .wp-block-kadence-advancedheading.kt-adv-heading13474_4930a0-cf[data-kb-block=\"kb-adv-heading13474_4930a0-cf\"]{font-style:normal;}.wp-block-kadence-advancedheading.kt-adv-heading13474_4930a0-cf mark.kt-highlight, .wp-block-kadence-advancedheading.kt-adv-heading13474_4930a0-cf[data-kb-block=\"kb-adv-heading13474_4930a0-cf\"] mark.kt-highlight{font-style:normal;color:#f76a0c;-webkit-box-decoration-break:clone;box-decoration-break:clone;padding-top:0px;padding-right:0px;padding-bottom:0px;padding-left:0px;}.wp-block-kadence-advancedheading.kt-adv-heading13474_4930a0-cf img.kb-inline-image, .wp-block-kadence-advancedheading.kt-adv-heading13474_4930a0-cf[data-kb-block=\"kb-adv-heading13474_4930a0-cf\"] img.kb-inline-image{width:150px;vertical-align:baseline;}<\/style>\n<h2 class=\"kt-adv-heading13474_4930a0-cf wp-block-kadence-advancedheading\" data-kb-block=\"kb-adv-heading13474_4930a0-cf\">Assumpci\u00f3 Gonz\u00e0lez<\/h2>\n\n\n\n<p>Miembro del Consejo Social<\/p>\n\n\n\n<div class=\"wp-block-getwid-toggle curriculum has-icon-left\">\n<div class=\"wp-block-getwid-toggle__row\"><div class=\"wp-block-getwid-toggle__header-wrapper\"><span class=\"wp-block-getwid-toggle__header\"><a href=\"#\"><span class=\"wp-block-getwid-toggle__header-title\">CV<\/span><span class=\"wp-block-getwid-toggle__icon is-active\"><i class=\"fas fa-plus\"><\/i><\/span><span class=\"wp-block-getwid-toggle__icon is-passive\"><i class=\"fas fa-minus\"><\/i><\/span><\/a><\/span><\/div><div class=\"wp-block-getwid-toggle__content-wrapper\"><div class=\"wp-block-getwid-toggle__content\">\n<p>Infermera. Experta en atenci\u00f3n integrada centrada en las personas y en fomento del autocuidado. Impulsora de los programas Pacient Expert y Cuidador Expert Catalunya. Medalla Josep Trueta al m\u00e9rito sanitario.<\/p>\n<\/div><\/div><\/div>\n<\/div>\n<\/div><\/div>\n\n\n\n<div class=\"wp-block-genesis-blocks-gb-column columna-img-subhome gb-block-layout-column\"><div class=\"gb-block-layout-column-inner\">\n<figure class=\"wp-block-image size-full\"><img loading=\"lazy\" decoding=\"async\" width=\"1000\" height=\"1000\" src=\"https:\/\/isocial.cat\/wp-content\/uploads\/2022\/04\/cristina_laborda.jpg\" alt=\"Cristina Laborda\" class=\"wp-image-2376\" srcset=\"https:\/\/isocial.cat\/wp-content\/uploads\/2022\/04\/cristina_laborda.jpg 1000w, https:\/\/isocial.cat\/wp-content\/uploads\/2022\/04\/cristina_laborda-300x300.jpg 300w, https:\/\/isocial.cat\/wp-content\/uploads\/2022\/04\/cristina_laborda-100x100.jpg 100w, https:\/\/isocial.cat\/wp-content\/uploads\/2022\/04\/cristina_laborda-400x400.jpg 400w, https:\/\/isocial.cat\/wp-content\/uploads\/2022\/04\/cristina_laborda-150x150.jpg 150w, https:\/\/isocial.cat\/wp-content\/uploads\/2022\/04\/cristina_laborda-768x768.jpg 768w, https:\/\/isocial.cat\/wp-content\/uploads\/2022\/04\/cristina_laborda-600x600.jpg 600w\" sizes=\"auto, (max-width: 1000px) 100vw, 1000px\" \/><\/figure>\n\n\n<style>.wp-block-kadence-advancedheading.kt-adv-heading13474_74d012-55, .wp-block-kadence-advancedheading.kt-adv-heading13474_74d012-55[data-kb-block=\"kb-adv-heading13474_74d012-55\"]{font-style:normal;}.wp-block-kadence-advancedheading.kt-adv-heading13474_74d012-55 mark.kt-highlight, .wp-block-kadence-advancedheading.kt-adv-heading13474_74d012-55[data-kb-block=\"kb-adv-heading13474_74d012-55\"] mark.kt-highlight{font-style:normal;color:#f76a0c;-webkit-box-decoration-break:clone;box-decoration-break:clone;padding-top:0px;padding-right:0px;padding-bottom:0px;padding-left:0px;}.wp-block-kadence-advancedheading.kt-adv-heading13474_74d012-55 img.kb-inline-image, .wp-block-kadence-advancedheading.kt-adv-heading13474_74d012-55[data-kb-block=\"kb-adv-heading13474_74d012-55\"] img.kb-inline-image{width:150px;vertical-align:baseline;}<\/style>\n<h2 class=\"kt-adv-heading13474_74d012-55 wp-block-kadence-advancedheading\" data-kb-block=\"kb-adv-heading13474_74d012-55\">Cristina Laborda<\/h2>\n\n\n\n<p>Miembro del Consejo Social<\/p>\n\n\n\n<div class=\"wp-block-getwid-toggle curriculum has-icon-left\">\n<div class=\"wp-block-getwid-toggle__row\"><div class=\"wp-block-getwid-toggle__header-wrapper\"><span class=\"wp-block-getwid-toggle__header\"><a href=\"#\"><span class=\"wp-block-getwid-toggle__header-title\">CV<\/span><span class=\"wp-block-getwid-toggle__icon is-active\"><i class=\"fas fa-plus\"><\/i><\/span><span class=\"wp-block-getwid-toggle__icon is-passive\"><i class=\"fas fa-minus\"><\/i><\/span><\/a><\/span><\/div><div class=\"wp-block-getwid-toggle__content-wrapper\"><div class=\"wp-block-getwid-toggle__content\">\n<p>Doctora en educaci\u00f3n. Profesora titular del Departamento de Pedagog\u00eda Aplicada de la Facultad de Ciencias de la Educaci\u00f3n de la Universitat Aut\u00f3noma de Barcelona (UAB). Especialista en atenci\u00f3n a la diversidad. Miembro del Grupo de Investigaci\u00f3n DO (Diversidad y Orientaci\u00f3n).<\/p>\n<\/div><\/div><\/div>\n<\/div>\n<\/div><\/div>\n\n\n\n<div class=\"wp-block-genesis-blocks-gb-column columna-img-subhome gb-block-layout-column\"><div class=\"gb-block-layout-column-inner\">\n<figure class=\"wp-block-image size-full\"><img loading=\"lazy\" decoding=\"async\" width=\"1000\" height=\"1000\" src=\"https:\/\/isocial.cat\/wp-content\/uploads\/2022\/04\/jordi_marin.jpg\" alt=\"Jordi Mar\u00edn\" class=\"wp-image-2375\" srcset=\"https:\/\/isocial.cat\/wp-content\/uploads\/2022\/04\/jordi_marin.jpg 1000w, https:\/\/isocial.cat\/wp-content\/uploads\/2022\/04\/jordi_marin-300x300.jpg 300w, https:\/\/isocial.cat\/wp-content\/uploads\/2022\/04\/jordi_marin-100x100.jpg 100w, https:\/\/isocial.cat\/wp-content\/uploads\/2022\/04\/jordi_marin-400x400.jpg 400w, https:\/\/isocial.cat\/wp-content\/uploads\/2022\/04\/jordi_marin-150x150.jpg 150w, https:\/\/isocial.cat\/wp-content\/uploads\/2022\/04\/jordi_marin-768x768.jpg 768w, https:\/\/isocial.cat\/wp-content\/uploads\/2022\/04\/jordi_marin-600x600.jpg 600w\" sizes=\"auto, (max-width: 1000px) 100vw, 1000px\" \/><\/figure>\n\n\n<style>.wp-block-kadence-advancedheading.kt-adv-heading13474_1c7824-26, .wp-block-kadence-advancedheading.kt-adv-heading13474_1c7824-26[data-kb-block=\"kb-adv-heading13474_1c7824-26\"]{font-style:normal;}.wp-block-kadence-advancedheading.kt-adv-heading13474_1c7824-26 mark.kt-highlight, .wp-block-kadence-advancedheading.kt-adv-heading13474_1c7824-26[data-kb-block=\"kb-adv-heading13474_1c7824-26\"] mark.kt-highlight{font-style:normal;color:#f76a0c;-webkit-box-decoration-break:clone;box-decoration-break:clone;padding-top:0px;padding-right:0px;padding-bottom:0px;padding-left:0px;}.wp-block-kadence-advancedheading.kt-adv-heading13474_1c7824-26 img.kb-inline-image, .wp-block-kadence-advancedheading.kt-adv-heading13474_1c7824-26[data-kb-block=\"kb-adv-heading13474_1c7824-26\"] img.kb-inline-image{width:150px;vertical-align:baseline;}<\/style>\n<h2 class=\"kt-adv-heading13474_1c7824-26 wp-block-kadence-advancedheading\" data-kb-block=\"kb-adv-heading13474_1c7824-26\">Jordi Mar\u00edn<\/h2>\n\n\n\n<p>Miembro del Consejo Social<\/p>\n\n\n\n<div class=\"wp-block-getwid-toggle curriculum has-icon-left\">\n<div class=\"wp-block-getwid-toggle__row\"><div class=\"wp-block-getwid-toggle__header-wrapper\"><span class=\"wp-block-getwid-toggle__header\"><a href=\"#\"><span class=\"wp-block-getwid-toggle__header-title\">CV<\/span><span class=\"wp-block-getwid-toggle__icon is-active\"><i class=\"fas fa-plus\"><\/i><\/span><span class=\"wp-block-getwid-toggle__icon is-passive\"><i class=\"fas fa-minus\"><\/i><\/span><\/a><\/span><\/div><div class=\"wp-block-getwid-toggle__content-wrapper\"><div class=\"wp-block-getwid-toggle__content\">\n<p>Economista y experto en TIC. Profesor y miembro del Consejo Social de la Universitat Pompeu Fabra (UPF). Impulsor del Tecnocampus de Matar\u00f3 y de la Fundaci\u00f3n TIC Salud. Presidente y fundador de Sinergia. Secretario de Telecomunicaciones y Sociedad de la Informaci\u00f3n de la Generalitat de Catalunya (2006). Director general de Microsoft en Catalunya (2014 a 2018).<\/p>\n<\/div><\/div><\/div>\n<\/div>\n<\/div><\/div>\n\n\n\n<div class=\"wp-block-genesis-blocks-gb-column gb-block-layout-column\"><div class=\"gb-block-layout-column-inner\">\n<figure class=\"wp-block-image size-full\"><img loading=\"lazy\" decoding=\"async\" width=\"1000\" height=\"1000\" src=\"https:\/\/isocial.cat\/wp-content\/uploads\/2022\/04\/jordi-pascual.png\" alt=\"Jordi Pascual\" class=\"wp-image-2374\" srcset=\"https:\/\/isocial.cat\/wp-content\/uploads\/2022\/04\/jordi-pascual.png 1000w, https:\/\/isocial.cat\/wp-content\/uploads\/2022\/04\/jordi-pascual-300x300.png 300w, https:\/\/isocial.cat\/wp-content\/uploads\/2022\/04\/jordi-pascual-100x100.png 100w, https:\/\/isocial.cat\/wp-content\/uploads\/2022\/04\/jordi-pascual-400x400.png 400w, https:\/\/isocial.cat\/wp-content\/uploads\/2022\/04\/jordi-pascual-150x150.png 150w, https:\/\/isocial.cat\/wp-content\/uploads\/2022\/04\/jordi-pascual-768x768.png 768w, https:\/\/isocial.cat\/wp-content\/uploads\/2022\/04\/jordi-pascual-600x600.png 600w\" sizes=\"auto, (max-width: 1000px) 100vw, 1000px\" \/><\/figure>\n\n\n<style>.wp-block-kadence-advancedheading.kt-adv-heading13474_ded770-63, .wp-block-kadence-advancedheading.kt-adv-heading13474_ded770-63[data-kb-block=\"kb-adv-heading13474_ded770-63\"]{font-style:normal;}.wp-block-kadence-advancedheading.kt-adv-heading13474_ded770-63 mark.kt-highlight, .wp-block-kadence-advancedheading.kt-adv-heading13474_ded770-63[data-kb-block=\"kb-adv-heading13474_ded770-63\"] mark.kt-highlight{font-style:normal;color:#f76a0c;-webkit-box-decoration-break:clone;box-decoration-break:clone;padding-top:0px;padding-right:0px;padding-bottom:0px;padding-left:0px;}.wp-block-kadence-advancedheading.kt-adv-heading13474_ded770-63 img.kb-inline-image, .wp-block-kadence-advancedheading.kt-adv-heading13474_ded770-63[data-kb-block=\"kb-adv-heading13474_ded770-63\"] img.kb-inline-image{width:150px;vertical-align:baseline;}<\/style>\n<h2 class=\"kt-adv-heading13474_ded770-63 wp-block-kadence-advancedheading\" data-kb-block=\"kb-adv-heading13474_ded770-63\">Jordi Pascual<\/h2>\n\n\n\n<p>Vocal del Patronato. Representante de Fund. Resilis.<\/p>\n\n\n\n<div class=\"wp-block-getwid-toggle curriculum has-icon-left\">\n<div class=\"wp-block-getwid-toggle__row\"><div class=\"wp-block-getwid-toggle__header-wrapper\"><span class=\"wp-block-getwid-toggle__header\"><a href=\"#\"><span class=\"wp-block-getwid-toggle__header-title\">CV<\/span><span class=\"wp-block-getwid-toggle__icon is-active\"><i class=\"fas fa-plus\"><\/i><\/span><span class=\"wp-block-getwid-toggle__icon is-passive\"><i class=\"fas fa-minus\"><\/i><\/span><\/a><\/span><\/div><div class=\"wp-block-getwid-toggle__content-wrapper\"><div class=\"wp-block-getwid-toggle__content\">\n<p>Educador Social, con formaci\u00f3n en la acci\u00f3n social y con estudios superiores en Direcci\u00f3n y Administraci\u00f3n de Empresas Sociales y Cooperativas. Desde 2006, Director General de la red de organizaciones Plataforma Educativa, que agrupa Fundaci\u00f3n Resilis y otras entidades complementarias de iniciativa social y sin \u00e1nimo de lucro que dedican su actividad y recursos a la atenci\u00f3n y servicios a personas en situaci\u00f3n de exclusi\u00f3n o riesgo de padecerlo.<\/p>\n<\/div><\/div><\/div>\n<\/div>\n<\/div><\/div>\n<\/div><\/div>\n\n\n\n<div class=\"wp-block-genesis-blocks-gb-columns fila persones animated fadeInUp slow gb-layout-columns-5 gb-5-col-equal\"><div class=\"gb-layout-column-wrap gb-block-layout-column-gap-2 gb-is-responsive-column\">\n<div class=\"wp-block-genesis-blocks-gb-column columna-img-subhome gb-block-layout-column\"><div class=\"gb-block-layout-column-inner\">\n<figure class=\"wp-block-image size-full\"><img loading=\"lazy\" decoding=\"async\" width=\"1000\" height=\"1000\" src=\"https:\/\/isocial.cat\/wp-content\/uploads\/2022\/04\/josep_maria_pascual.png\" alt=\"Josep Maria Pascual\" class=\"wp-image-2373\" srcset=\"https:\/\/isocial.cat\/wp-content\/uploads\/2022\/04\/josep_maria_pascual.png 1000w, https:\/\/isocial.cat\/wp-content\/uploads\/2022\/04\/josep_maria_pascual-300x300.png 300w, https:\/\/isocial.cat\/wp-content\/uploads\/2022\/04\/josep_maria_pascual-100x100.png 100w, https:\/\/isocial.cat\/wp-content\/uploads\/2022\/04\/josep_maria_pascual-400x400.png 400w, https:\/\/isocial.cat\/wp-content\/uploads\/2022\/04\/josep_maria_pascual-150x150.png 150w, https:\/\/isocial.cat\/wp-content\/uploads\/2022\/04\/josep_maria_pascual-768x768.png 768w, https:\/\/isocial.cat\/wp-content\/uploads\/2022\/04\/josep_maria_pascual-600x600.png 600w\" sizes=\"auto, (max-width: 1000px) 100vw, 1000px\" \/><\/figure>\n\n\n<style>.wp-block-kadence-advancedheading.kt-adv-heading13474_f7ccd4-f2, .wp-block-kadence-advancedheading.kt-adv-heading13474_f7ccd4-f2[data-kb-block=\"kb-adv-heading13474_f7ccd4-f2\"]{font-style:normal;}.wp-block-kadence-advancedheading.kt-adv-heading13474_f7ccd4-f2 mark.kt-highlight, .wp-block-kadence-advancedheading.kt-adv-heading13474_f7ccd4-f2[data-kb-block=\"kb-adv-heading13474_f7ccd4-f2\"] mark.kt-highlight{font-style:normal;color:#f76a0c;-webkit-box-decoration-break:clone;box-decoration-break:clone;padding-top:0px;padding-right:0px;padding-bottom:0px;padding-left:0px;}.wp-block-kadence-advancedheading.kt-adv-heading13474_f7ccd4-f2 img.kb-inline-image, .wp-block-kadence-advancedheading.kt-adv-heading13474_f7ccd4-f2[data-kb-block=\"kb-adv-heading13474_f7ccd4-f2\"] img.kb-inline-image{width:150px;vertical-align:baseline;}<\/style>\n<h2 class=\"kt-adv-heading13474_f7ccd4-f2 wp-block-kadence-advancedheading\" data-kb-block=\"kb-adv-heading13474_f7ccd4-f2\">Josep Maria Pascual<\/h2>\n\n\n\n<p>Miembro del Consejo Social<\/p>\n\n\n\n<div class=\"wp-block-getwid-toggle curriculum has-icon-left\">\n<div class=\"wp-block-getwid-toggle__row\"><div class=\"wp-block-getwid-toggle__header-wrapper\"><span class=\"wp-block-getwid-toggle__header\"><a href=\"#\"><span class=\"wp-block-getwid-toggle__header-title\">CV<\/span><span class=\"wp-block-getwid-toggle__icon is-active\"><i class=\"fas fa-plus\"><\/i><\/span><span class=\"wp-block-getwid-toggle__icon is-passive\"><i class=\"fas fa-minus\"><\/i><\/span><\/a><\/span><\/div><div class=\"wp-block-getwid-toggle__content-wrapper\"><div class=\"wp-block-getwid-toggle__content\">\n<p>Licenciado en Econom\u00eda, Doctor en Sociolog\u00eda y Master en An\u00e1lisis Pol\u00edtico. Experto en gobernanza y planificaci\u00f3n estrat\u00e9gica de ciudades y regiones, tema sobre el que ha publicado diferentes libros. Es Director de Estrategias de Calidad Urbana, Presidente de la Fundaci\u00f3n Ciudadan\u00eda y Buen Gobierno y Coordinador de AERYC (\u00c1frica-Am\u00e9rica-Europa de Regiones y Ciudades).<\/p>\n<\/div><\/div><\/div>\n<\/div>\n<\/div><\/div>\n\n\n\n<div class=\"wp-block-genesis-blocks-gb-column columna-img-subhome gb-block-layout-column\"><div class=\"gb-block-layout-column-inner\">\n<figure class=\"wp-block-image size-full\"><img loading=\"lazy\" decoding=\"async\" width=\"1000\" height=\"1000\" src=\"https:\/\/isocial.cat\/wp-content\/uploads\/2022\/04\/ismael_pena_lopez.jpg\" alt=\"Ismael Pe\u00f1a L\u00f3pez\" class=\"wp-image-2372\" srcset=\"https:\/\/isocial.cat\/wp-content\/uploads\/2022\/04\/ismael_pena_lopez.jpg 1000w, https:\/\/isocial.cat\/wp-content\/uploads\/2022\/04\/ismael_pena_lopez-300x300.jpg 300w, https:\/\/isocial.cat\/wp-content\/uploads\/2022\/04\/ismael_pena_lopez-100x100.jpg 100w, https:\/\/isocial.cat\/wp-content\/uploads\/2022\/04\/ismael_pena_lopez-400x400.jpg 400w, https:\/\/isocial.cat\/wp-content\/uploads\/2022\/04\/ismael_pena_lopez-150x150.jpg 150w, https:\/\/isocial.cat\/wp-content\/uploads\/2022\/04\/ismael_pena_lopez-768x768.jpg 768w, https:\/\/isocial.cat\/wp-content\/uploads\/2022\/04\/ismael_pena_lopez-600x600.jpg 600w\" sizes=\"auto, (max-width: 1000px) 100vw, 1000px\" \/><\/figure>\n\n\n<style>.wp-block-kadence-advancedheading.kt-adv-heading13474_7f67bb-08, .wp-block-kadence-advancedheading.kt-adv-heading13474_7f67bb-08[data-kb-block=\"kb-adv-heading13474_7f67bb-08\"]{font-style:normal;}.wp-block-kadence-advancedheading.kt-adv-heading13474_7f67bb-08 mark.kt-highlight, .wp-block-kadence-advancedheading.kt-adv-heading13474_7f67bb-08[data-kb-block=\"kb-adv-heading13474_7f67bb-08\"] mark.kt-highlight{font-style:normal;color:#f76a0c;-webkit-box-decoration-break:clone;box-decoration-break:clone;padding-top:0px;padding-right:0px;padding-bottom:0px;padding-left:0px;}.wp-block-kadence-advancedheading.kt-adv-heading13474_7f67bb-08 img.kb-inline-image, .wp-block-kadence-advancedheading.kt-adv-heading13474_7f67bb-08[data-kb-block=\"kb-adv-heading13474_7f67bb-08\"] img.kb-inline-image{width:150px;vertical-align:baseline;}<\/style>\n<h2 class=\"kt-adv-heading13474_7f67bb-08 wp-block-kadence-advancedheading\" data-kb-block=\"kb-adv-heading13474_7f67bb-08\">Ismael Pe\u00f1a L\u00f3pez<\/h2>\n\n\n\n<p>Miembro del Consejo Social<\/p>\n\n\n\n<div class=\"wp-block-getwid-toggle curriculum has-icon-left\">\n<div class=\"wp-block-getwid-toggle__row\"><div class=\"wp-block-getwid-toggle__header-wrapper\"><span class=\"wp-block-getwid-toggle__header\"><a href=\"#\"><span class=\"wp-block-getwid-toggle__header-title\">CV<\/span><span class=\"wp-block-getwid-toggle__icon is-active\"><i class=\"fas fa-plus\"><\/i><\/span><span class=\"wp-block-getwid-toggle__icon is-passive\"><i class=\"fas fa-minus\"><\/i><\/span><\/a><\/span><\/div><div class=\"wp-block-getwid-toggle__content-wrapper\"><div class=\"wp-block-getwid-toggle__content\">\n<p>Director de la Escuela de Administraci\u00f3n P\u00fablica de Catalunya. Anteriormente fue profesor de Derecho y Ciencia Pol\u00edtica, e investigador en el Internet Interdisciplinary Institute y el eLearn Center, en la Universitat Oberta de Catalunya (UOC). Director del proyecto de Innovaci\u00f3n Abierta de la Fundaci\u00f3n Jaume Bofill.<\/p>\n<\/div><\/div><\/div>\n<\/div>\n<\/div><\/div>\n\n\n\n<div class=\"wp-block-genesis-blocks-gb-column columna-img-subhome gb-block-layout-column\"><div class=\"gb-block-layout-column-inner\">\n<figure class=\"wp-block-image size-full\"><img loading=\"lazy\" decoding=\"async\" width=\"1000\" height=\"1000\" src=\"https:\/\/isocial.cat\/wp-content\/uploads\/2022\/04\/pilar_rodriguez.jpg\" alt=\"Pilar Rodr\u00edguez\" class=\"wp-image-2371\" srcset=\"https:\/\/isocial.cat\/wp-content\/uploads\/2022\/04\/pilar_rodriguez.jpg 1000w, https:\/\/isocial.cat\/wp-content\/uploads\/2022\/04\/pilar_rodriguez-300x300.jpg 300w, https:\/\/isocial.cat\/wp-content\/uploads\/2022\/04\/pilar_rodriguez-100x100.jpg 100w, https:\/\/isocial.cat\/wp-content\/uploads\/2022\/04\/pilar_rodriguez-400x400.jpg 400w, https:\/\/isocial.cat\/wp-content\/uploads\/2022\/04\/pilar_rodriguez-150x150.jpg 150w, https:\/\/isocial.cat\/wp-content\/uploads\/2022\/04\/pilar_rodriguez-768x768.jpg 768w, https:\/\/isocial.cat\/wp-content\/uploads\/2022\/04\/pilar_rodriguez-600x600.jpg 600w\" sizes=\"auto, (max-width: 1000px) 100vw, 1000px\" \/><\/figure>\n\n\n<style>.wp-block-kadence-advancedheading.kt-adv-heading13474_791b21-2e, .wp-block-kadence-advancedheading.kt-adv-heading13474_791b21-2e[data-kb-block=\"kb-adv-heading13474_791b21-2e\"]{font-style:normal;}.wp-block-kadence-advancedheading.kt-adv-heading13474_791b21-2e mark.kt-highlight, .wp-block-kadence-advancedheading.kt-adv-heading13474_791b21-2e[data-kb-block=\"kb-adv-heading13474_791b21-2e\"] mark.kt-highlight{font-style:normal;color:#f76a0c;-webkit-box-decoration-break:clone;box-decoration-break:clone;padding-top:0px;padding-right:0px;padding-bottom:0px;padding-left:0px;}.wp-block-kadence-advancedheading.kt-adv-heading13474_791b21-2e img.kb-inline-image, .wp-block-kadence-advancedheading.kt-adv-heading13474_791b21-2e[data-kb-block=\"kb-adv-heading13474_791b21-2e\"] img.kb-inline-image{width:150px;vertical-align:baseline;}<\/style>\n<h2 class=\"kt-adv-heading13474_791b21-2e wp-block-kadence-advancedheading\" data-kb-block=\"kb-adv-heading13474_791b21-2e\">Pilar Rodr\u00edguez<\/h2>\n\n\n\n<p>Vice-presidenta. Representante de ABD<\/p>\n\n\n\n<div class=\"wp-block-getwid-toggle curriculum has-icon-left\">\n<div class=\"wp-block-getwid-toggle__row\"><div class=\"wp-block-getwid-toggle__header-wrapper\"><span class=\"wp-block-getwid-toggle__header\"><a href=\"#\"><span class=\"wp-block-getwid-toggle__header-title\">CV<\/span><span class=\"wp-block-getwid-toggle__icon is-active\"><i class=\"fas fa-plus\"><\/i><\/span><span class=\"wp-block-getwid-toggle__icon is-passive\"><i class=\"fas fa-minus\"><\/i><\/span><\/a><\/span><\/div><div class=\"wp-block-getwid-toggle__content-wrapper\"><div class=\"wp-block-getwid-toggle__content\">\n<p>Trabajadora social experta en gesti\u00f3n de servicios socio-sanitarios, bio\u00e9tica y derechos humanos. Directora de la Unidad de Atenci\u00f3n al Usuario de un hospital del ICS durante 14 a\u00f1os, y desde 2001 Adjunta a Gerencia y directora de la Unidad Operativa Sociosanitaria de ABD (Asociaci\u00f3n y Fundaci\u00f3n Bienestar y Desarrollo).<\/p>\n<\/div><\/div><\/div>\n<\/div>\n<\/div><\/div>\n\n\n\n<div class=\"wp-block-genesis-blocks-gb-column columna-img-subhome gb-block-layout-column\"><div class=\"gb-block-layout-column-inner\">\n<figure class=\"wp-block-image size-full\"><img loading=\"lazy\" decoding=\"async\" width=\"1000\" height=\"1000\" src=\"https:\/\/isocial.cat\/wp-content\/uploads\/2022\/04\/joan-artur-sales.png\" alt=\"Joan-Artur Sales\" class=\"wp-image-2370\" srcset=\"https:\/\/isocial.cat\/wp-content\/uploads\/2022\/04\/joan-artur-sales.png 1000w, https:\/\/isocial.cat\/wp-content\/uploads\/2022\/04\/joan-artur-sales-300x300.png 300w, https:\/\/isocial.cat\/wp-content\/uploads\/2022\/04\/joan-artur-sales-100x100.png 100w, https:\/\/isocial.cat\/wp-content\/uploads\/2022\/04\/joan-artur-sales-400x400.png 400w, https:\/\/isocial.cat\/wp-content\/uploads\/2022\/04\/joan-artur-sales-150x150.png 150w, https:\/\/isocial.cat\/wp-content\/uploads\/2022\/04\/joan-artur-sales-768x768.png 768w, https:\/\/isocial.cat\/wp-content\/uploads\/2022\/04\/joan-artur-sales-600x600.png 600w\" sizes=\"auto, (max-width: 1000px) 100vw, 1000px\" \/><\/figure>\n\n\n<style>.wp-block-kadence-advancedheading.kt-adv-heading13474_c480ff-02, .wp-block-kadence-advancedheading.kt-adv-heading13474_c480ff-02[data-kb-block=\"kb-adv-heading13474_c480ff-02\"]{font-style:normal;}.wp-block-kadence-advancedheading.kt-adv-heading13474_c480ff-02 mark.kt-highlight, .wp-block-kadence-advancedheading.kt-adv-heading13474_c480ff-02[data-kb-block=\"kb-adv-heading13474_c480ff-02\"] mark.kt-highlight{font-style:normal;color:#f76a0c;-webkit-box-decoration-break:clone;box-decoration-break:clone;padding-top:0px;padding-right:0px;padding-bottom:0px;padding-left:0px;}.wp-block-kadence-advancedheading.kt-adv-heading13474_c480ff-02 img.kb-inline-image, .wp-block-kadence-advancedheading.kt-adv-heading13474_c480ff-02[data-kb-block=\"kb-adv-heading13474_c480ff-02\"] img.kb-inline-image{width:150px;vertical-align:baseline;}<\/style>\n<h2 class=\"kt-adv-heading13474_c480ff-02 wp-block-kadence-advancedheading\" data-kb-block=\"kb-adv-heading13474_c480ff-02\">Joan-Artur Sales<\/h2>\n\n\n\n<p>Vocal del Patronato. Representante de Grupo ATRA<\/p>\n\n\n\n<div class=\"wp-block-getwid-toggle curriculum has-icon-left\">\n<div class=\"wp-block-getwid-toggle__row\"><div class=\"wp-block-getwid-toggle__header-wrapper\"><span class=\"wp-block-getwid-toggle__header\"><a href=\"#\"><span class=\"wp-block-getwid-toggle__header-title\">CV<\/span><span class=\"wp-block-getwid-toggle__icon is-active\"><i class=\"fas fa-plus\"><\/i><\/span><span class=\"wp-block-getwid-toggle__icon is-passive\"><i class=\"fas fa-minus\"><\/i><\/span><\/a><\/span><\/div><div class=\"wp-block-getwid-toggle__content-wrapper\"><div class=\"wp-block-getwid-toggle__content\">\n<p>Psic\u00f3logo cl\u00ednico y comunitario, experto en salud mental comunitaria y conductas adictivas. Co-director del Grupo ATRA. Vicepresidente de la Coordinadora de Comunidades Terap\u00e9uticas para Drogodependientes de Catalunya.<\/p>\n<\/div><\/div><\/div>\n<\/div>\n<\/div><\/div>\n\n\n\n<div class=\"wp-block-genesis-blocks-gb-column gb-block-layout-column\"><div class=\"gb-block-layout-column-inner\">\n<figure class=\"wp-block-image size-full\"><img loading=\"lazy\" decoding=\"async\" width=\"1000\" height=\"1000\" src=\"https:\/\/isocial.cat\/wp-content\/uploads\/2022\/04\/josep_maria_sole.jpg\" alt=\"Josep Maria Sol\u00e9\" class=\"wp-image-2368\" srcset=\"https:\/\/isocial.cat\/wp-content\/uploads\/2022\/04\/josep_maria_sole.jpg 1000w, https:\/\/isocial.cat\/wp-content\/uploads\/2022\/04\/josep_maria_sole-300x300.jpg 300w, https:\/\/isocial.cat\/wp-content\/uploads\/2022\/04\/josep_maria_sole-100x100.jpg 100w, https:\/\/isocial.cat\/wp-content\/uploads\/2022\/04\/josep_maria_sole-400x400.jpg 400w, https:\/\/isocial.cat\/wp-content\/uploads\/2022\/04\/josep_maria_sole-150x150.jpg 150w, https:\/\/isocial.cat\/wp-content\/uploads\/2022\/04\/josep_maria_sole-768x768.jpg 768w, https:\/\/isocial.cat\/wp-content\/uploads\/2022\/04\/josep_maria_sole-600x600.jpg 600w\" sizes=\"auto, (max-width: 1000px) 100vw, 1000px\" \/><\/figure>\n\n\n<style>.wp-block-kadence-advancedheading.kt-adv-heading13474_60d31a-9a, .wp-block-kadence-advancedheading.kt-adv-heading13474_60d31a-9a[data-kb-block=\"kb-adv-heading13474_60d31a-9a\"]{font-style:normal;}.wp-block-kadence-advancedheading.kt-adv-heading13474_60d31a-9a mark.kt-highlight, .wp-block-kadence-advancedheading.kt-adv-heading13474_60d31a-9a[data-kb-block=\"kb-adv-heading13474_60d31a-9a\"] mark.kt-highlight{font-style:normal;color:#f76a0c;-webkit-box-decoration-break:clone;box-decoration-break:clone;padding-top:0px;padding-right:0px;padding-bottom:0px;padding-left:0px;}.wp-block-kadence-advancedheading.kt-adv-heading13474_60d31a-9a img.kb-inline-image, .wp-block-kadence-advancedheading.kt-adv-heading13474_60d31a-9a[data-kb-block=\"kb-adv-heading13474_60d31a-9a\"] img.kb-inline-image{width:150px;vertical-align:baseline;}<\/style>\n<h2 class=\"kt-adv-heading13474_60d31a-9a wp-block-kadence-advancedheading\" data-kb-block=\"kb-adv-heading13474_60d31a-9a\">Josep Maria Sol\u00e9<\/h2>\n\n\n\n<p>Secretario. Representante de Fundaci\u00f3n SUPPORT-Girona<\/p>\n\n\n\n<div class=\"wp-block-getwid-toggle curriculum has-icon-left\">\n<div class=\"wp-block-getwid-toggle__row\"><div class=\"wp-block-getwid-toggle__header-wrapper\"><span class=\"wp-block-getwid-toggle__header\"><a href=\"#\"><span class=\"wp-block-getwid-toggle__header-title\">CV<\/span><span class=\"wp-block-getwid-toggle__icon is-active\"><i class=\"fas fa-plus\"><\/i><\/span><span class=\"wp-block-getwid-toggle__icon is-passive\"><i class=\"fas fa-minus\"><\/i><\/span><\/a><\/span><\/div><div class=\"wp-block-getwid-toggle__content-wrapper\"><div class=\"wp-block-getwid-toggle__content\">\n<p>Abogado. Director de Fundaci\u00f3n Support-Girona. Patr\u00f3n y presidente del Consejo Social de la Fundaci\u00f3n Instituto Guttman. Vicepresidente de la Fundaci\u00f3n DRISSA. Vicepresidente de la Fundaci\u00f3n Campus Arnau de Escala. Miembro de la junta directiva de la European Association of Service Providers for Persons with Disabilities (EASPD).<\/p>\n<\/div><\/div><\/div>\n<\/div>\n<\/div><\/div>\n<\/div><\/div>\n\n\n\n<div class=\"wp-block-genesis-blocks-gb-columns fila persones animated fadeInUp slow gb-layout-columns-5 gb-5-col-equal\"><div class=\"gb-layout-column-wrap gb-block-layout-column-gap-2 gb-is-responsive-column\">\n<div class=\"wp-block-genesis-blocks-gb-column columna-img-subhome gb-block-layout-column\"><div class=\"gb-block-layout-column-inner\">\n<figure class=\"wp-block-image size-full\"><img loading=\"lazy\" decoding=\"async\" width=\"1000\" height=\"1000\" src=\"https:\/\/isocial.cat\/wp-content\/uploads\/2022\/04\/alfons-thio.png\" alt=\"Alfons M. Thi\u00f3\" class=\"wp-image-2367\" srcset=\"https:\/\/isocial.cat\/wp-content\/uploads\/2022\/04\/alfons-thio.png 1000w, https:\/\/isocial.cat\/wp-content\/uploads\/2022\/04\/alfons-thio-300x300.png 300w, https:\/\/isocial.cat\/wp-content\/uploads\/2022\/04\/alfons-thio-100x100.png 100w, https:\/\/isocial.cat\/wp-content\/uploads\/2022\/04\/alfons-thio-400x400.png 400w, https:\/\/isocial.cat\/wp-content\/uploads\/2022\/04\/alfons-thio-150x150.png 150w, https:\/\/isocial.cat\/wp-content\/uploads\/2022\/04\/alfons-thio-768x768.png 768w, https:\/\/isocial.cat\/wp-content\/uploads\/2022\/04\/alfons-thio-600x600.png 600w\" sizes=\"auto, (max-width: 1000px) 100vw, 1000px\" \/><\/figure>\n\n\n<style>.wp-block-kadence-advancedheading.kt-adv-heading13474_572891-05, .wp-block-kadence-advancedheading.kt-adv-heading13474_572891-05[data-kb-block=\"kb-adv-heading13474_572891-05\"]{font-style:normal;}.wp-block-kadence-advancedheading.kt-adv-heading13474_572891-05 mark.kt-highlight, .wp-block-kadence-advancedheading.kt-adv-heading13474_572891-05[data-kb-block=\"kb-adv-heading13474_572891-05\"] mark.kt-highlight{font-style:normal;color:#f76a0c;-webkit-box-decoration-break:clone;box-decoration-break:clone;padding-top:0px;padding-right:0px;padding-bottom:0px;padding-left:0px;}.wp-block-kadence-advancedheading.kt-adv-heading13474_572891-05 img.kb-inline-image, .wp-block-kadence-advancedheading.kt-adv-heading13474_572891-05[data-kb-block=\"kb-adv-heading13474_572891-05\"] img.kb-inline-image{width:150px;vertical-align:baseline;}<\/style>\n<h2 class=\"kt-adv-heading13474_572891-05 wp-block-kadence-advancedheading\" data-kb-block=\"kb-adv-heading13474_572891-05\">Alfons M. Thi\u00f3<\/h2>\n\n\n\n<p>Vocal del Patronato. Representante de Fund. Familia y Bienestar Social<\/p>\n\n\n\n<div class=\"wp-block-getwid-toggle curriculum has-icon-left\">\n<div class=\"wp-block-getwid-toggle__row\"><div class=\"wp-block-getwid-toggle__header-wrapper\"><span class=\"wp-block-getwid-toggle__header\"><a href=\"#\"><span class=\"wp-block-getwid-toggle__header-title\">CV<\/span><span class=\"wp-block-getwid-toggle__icon is-active\"><i class=\"fas fa-plus\"><\/i><\/span><span class=\"wp-block-getwid-toggle__icon is-passive\"><i class=\"fas fa-minus\"><\/i><\/span><\/a><\/span><\/div><div class=\"wp-block-getwid-toggle__content-wrapper\"><div class=\"wp-block-getwid-toggle__content\">\n<p>Ingeniero Industrial por la UPC y MED por el IESE. Con una larga experiencia en puestos de direcci\u00f3n de empresas industriales. Desde 2004 es Gerente de la Fundaci\u00f3n Familia y Bienestar Social, entidad dedicada principalmente a la promoci\u00f3n y gesti\u00f3n de viviendas sociales.<\/p>\n<\/div><\/div><\/div>\n<\/div>\n<\/div><\/div>\n\n\n\n<div class=\"wp-block-genesis-blocks-gb-column columna-img-subhome gb-block-layout-column\"><div class=\"gb-block-layout-column-inner\">\n<figure class=\"wp-block-image size-full\"><img loading=\"lazy\" decoding=\"async\" width=\"1000\" height=\"1000\" src=\"https:\/\/isocial.cat\/wp-content\/uploads\/2022\/04\/katy-trias.png\" alt=\"Katy Trias\" class=\"wp-image-2366\" srcset=\"https:\/\/isocial.cat\/wp-content\/uploads\/2022\/04\/katy-trias.png 1000w, https:\/\/isocial.cat\/wp-content\/uploads\/2022\/04\/katy-trias-300x300.png 300w, https:\/\/isocial.cat\/wp-content\/uploads\/2022\/04\/katy-trias-100x100.png 100w, https:\/\/isocial.cat\/wp-content\/uploads\/2022\/04\/katy-trias-400x400.png 400w, https:\/\/isocial.cat\/wp-content\/uploads\/2022\/04\/katy-trias-150x150.png 150w, https:\/\/isocial.cat\/wp-content\/uploads\/2022\/04\/katy-trias-768x768.png 768w, https:\/\/isocial.cat\/wp-content\/uploads\/2022\/04\/katy-trias-600x600.png 600w\" sizes=\"auto, (max-width: 1000px) 100vw, 1000px\" \/><\/figure>\n\n\n<style>.wp-block-kadence-advancedheading.kt-adv-heading13474_111d02-3b, .wp-block-kadence-advancedheading.kt-adv-heading13474_111d02-3b[data-kb-block=\"kb-adv-heading13474_111d02-3b\"]{font-style:normal;}.wp-block-kadence-advancedheading.kt-adv-heading13474_111d02-3b mark.kt-highlight, .wp-block-kadence-advancedheading.kt-adv-heading13474_111d02-3b[data-kb-block=\"kb-adv-heading13474_111d02-3b\"] mark.kt-highlight{font-style:normal;color:#f76a0c;-webkit-box-decoration-break:clone;box-decoration-break:clone;padding-top:0px;padding-right:0px;padding-bottom:0px;padding-left:0px;}.wp-block-kadence-advancedheading.kt-adv-heading13474_111d02-3b img.kb-inline-image, .wp-block-kadence-advancedheading.kt-adv-heading13474_111d02-3b[data-kb-block=\"kb-adv-heading13474_111d02-3b\"] img.kb-inline-image{width:150px;vertical-align:baseline;}<\/style>\n<h2 class=\"kt-adv-heading13474_111d02-3b wp-block-kadence-advancedheading\" data-kb-block=\"kb-adv-heading13474_111d02-3b\">Katy Trias<\/h2>\n\n\n\n<p>Vocal del Patronato. Representante de Fund. Catalana S\u00edndrome de Down<\/p>\n\n\n\n<div class=\"wp-block-getwid-toggle curriculum has-icon-left\">\n<div class=\"wp-block-getwid-toggle__row\"><div class=\"wp-block-getwid-toggle__header-wrapper\"><span class=\"wp-block-getwid-toggle__header\"><a href=\"#\"><span class=\"wp-block-getwid-toggle__header-title\">CV<\/span><span class=\"wp-block-getwid-toggle__icon is-active\"><i class=\"fas fa-plus\"><\/i><\/span><span class=\"wp-block-getwid-toggle__icon is-passive\"><i class=\"fas fa-minus\"><\/i><\/span><\/a><\/span><\/div><div class=\"wp-block-getwid-toggle__content-wrapper\"><div class=\"wp-block-getwid-toggle__content\">\n<p>Diplomada en Magisterio, en Organizaci\u00f3n y Direcci\u00f3n Empresarial, y en Marketing. Es Directora general de la Fundaci\u00f3n Catalana S\u00edndrome de Down (FCSD).<\/p>\n<\/div><\/div><\/div>\n<\/div>\n<\/div><\/div>\n\n\n\n<div class=\"wp-block-genesis-blocks-gb-column columna-img-subhome gb-block-layout-column\"><div class=\"gb-block-layout-column-inner\">\n<figure class=\"wp-block-image size-full\"><img loading=\"lazy\" decoding=\"async\" width=\"1000\" height=\"1000\" src=\"https:\/\/isocial.cat\/wp-content\/uploads\/2022\/04\/toni_vila.jpg\" alt=\"Toni Vil\u00e0\" class=\"wp-image-2365\" srcset=\"https:\/\/isocial.cat\/wp-content\/uploads\/2022\/04\/toni_vila.jpg 1000w, https:\/\/isocial.cat\/wp-content\/uploads\/2022\/04\/toni_vila-300x300.jpg 300w, https:\/\/isocial.cat\/wp-content\/uploads\/2022\/04\/toni_vila-100x100.jpg 100w, https:\/\/isocial.cat\/wp-content\/uploads\/2022\/04\/toni_vila-400x400.jpg 400w, https:\/\/isocial.cat\/wp-content\/uploads\/2022\/04\/toni_vila-150x150.jpg 150w, https:\/\/isocial.cat\/wp-content\/uploads\/2022\/04\/toni_vila-768x768.jpg 768w, https:\/\/isocial.cat\/wp-content\/uploads\/2022\/04\/toni_vila-600x600.jpg 600w\" sizes=\"auto, (max-width: 1000px) 100vw, 1000px\" \/><\/figure>\n\n\n<style>.wp-block-kadence-advancedheading.kt-adv-heading13474_a82088-36, .wp-block-kadence-advancedheading.kt-adv-heading13474_a82088-36[data-kb-block=\"kb-adv-heading13474_a82088-36\"]{font-style:normal;}.wp-block-kadence-advancedheading.kt-adv-heading13474_a82088-36 mark.kt-highlight, .wp-block-kadence-advancedheading.kt-adv-heading13474_a82088-36[data-kb-block=\"kb-adv-heading13474_a82088-36\"] mark.kt-highlight{font-style:normal;color:#f76a0c;-webkit-box-decoration-break:clone;box-decoration-break:clone;padding-top:0px;padding-right:0px;padding-bottom:0px;padding-left:0px;}.wp-block-kadence-advancedheading.kt-adv-heading13474_a82088-36 img.kb-inline-image, .wp-block-kadence-advancedheading.kt-adv-heading13474_a82088-36[data-kb-block=\"kb-adv-heading13474_a82088-36\"] img.kb-inline-image{width:150px;vertical-align:baseline;}<\/style>\n<h2 class=\"kt-adv-heading13474_a82088-36 wp-block-kadence-advancedheading\" data-kb-block=\"kb-adv-heading13474_a82088-36\">Toni Vil\u00e0<\/h2>\n\n\n\n<p>Miembro del Consejo Social<\/p>\n\n\n\n<div class=\"wp-block-getwid-toggle curriculum has-icon-left\">\n<div class=\"wp-block-getwid-toggle__row\"><div class=\"wp-block-getwid-toggle__header-wrapper\"><span class=\"wp-block-getwid-toggle__header\"><a href=\"#\"><span class=\"wp-block-getwid-toggle__header-title\">CV<\/span><span class=\"wp-block-getwid-toggle__icon is-active\"><i class=\"fas fa-plus\"><\/i><\/span><span class=\"wp-block-getwid-toggle__icon is-passive\"><i class=\"fas fa-minus\"><\/i><\/span><\/a><\/span><\/div><div class=\"wp-block-getwid-toggle__content-wrapper\"><div class=\"wp-block-getwid-toggle__content\">\n<p>Licenciado en derecho y doctor en pedagog\u00eda. Experto en legislaci\u00f3n de servicios sociales. Ha sido profesor de servicios sociales en la Universitat de Barcelona y en la Universitat de Girona y ahora colabora como investigador al IGOP-UAB. Miembro del Consejo Municipal de Bienestar Social de Barcelona, del Consejo Social del Instituto Guttmann y del patronato de la Fundaci\u00f3n Pilares.<\/p>\n<\/div><\/div><\/div>\n<\/div>\n<\/div><\/div>\n\n\n\n<div class=\"wp-block-genesis-blocks-gb-column columna-img-subhome gb-block-layout-column\"><div class=\"gb-block-layout-column-inner\">\n<figure class=\"wp-block-image size-full\"><img loading=\"lazy\" decoding=\"async\" width=\"1000\" height=\"1000\" src=\"https:\/\/isocial.cat\/wp-content\/uploads\/2022\/04\/josep_m_vilalta-1.jpg\" alt=\"Josep M. Vilalta\" class=\"wp-image-2364\" srcset=\"https:\/\/isocial.cat\/wp-content\/uploads\/2022\/04\/josep_m_vilalta-1.jpg 1000w, https:\/\/isocial.cat\/wp-content\/uploads\/2022\/04\/josep_m_vilalta-1-300x300.jpg 300w, https:\/\/isocial.cat\/wp-content\/uploads\/2022\/04\/josep_m_vilalta-1-100x100.jpg 100w, https:\/\/isocial.cat\/wp-content\/uploads\/2022\/04\/josep_m_vilalta-1-400x400.jpg 400w, https:\/\/isocial.cat\/wp-content\/uploads\/2022\/04\/josep_m_vilalta-1-150x150.jpg 150w, https:\/\/isocial.cat\/wp-content\/uploads\/2022\/04\/josep_m_vilalta-1-768x768.jpg 768w, https:\/\/isocial.cat\/wp-content\/uploads\/2022\/04\/josep_m_vilalta-1-600x600.jpg 600w\" sizes=\"auto, (max-width: 1000px) 100vw, 1000px\" \/><\/figure>\n\n\n<style>.wp-block-kadence-advancedheading.kt-adv-heading13474_c0ca25-1b, .wp-block-kadence-advancedheading.kt-adv-heading13474_c0ca25-1b[data-kb-block=\"kb-adv-heading13474_c0ca25-1b\"]{font-style:normal;}.wp-block-kadence-advancedheading.kt-adv-heading13474_c0ca25-1b mark.kt-highlight, .wp-block-kadence-advancedheading.kt-adv-heading13474_c0ca25-1b[data-kb-block=\"kb-adv-heading13474_c0ca25-1b\"] mark.kt-highlight{font-style:normal;color:#f76a0c;-webkit-box-decoration-break:clone;box-decoration-break:clone;padding-top:0px;padding-right:0px;padding-bottom:0px;padding-left:0px;}.wp-block-kadence-advancedheading.kt-adv-heading13474_c0ca25-1b img.kb-inline-image, .wp-block-kadence-advancedheading.kt-adv-heading13474_c0ca25-1b[data-kb-block=\"kb-adv-heading13474_c0ca25-1b\"] img.kb-inline-image{width:150px;vertical-align:baseline;}<\/style>\n<h2 class=\"kt-adv-heading13474_c0ca25-1b wp-block-kadence-advancedheading\" data-kb-block=\"kb-adv-heading13474_c0ca25-1b\">Josep M. Vilalta<\/h2>\n\n\n\n<p>Miembro del Consejo Social<\/p>\n\n\n\n<div class=\"wp-block-getwid-toggle curriculum has-icon-left\">\n<div class=\"wp-block-getwid-toggle__row\"><div class=\"wp-block-getwid-toggle__header-wrapper\"><span class=\"wp-block-getwid-toggle__header\"><a href=\"#\"><span class=\"wp-block-getwid-toggle__header-title\">CV<\/span><span class=\"wp-block-getwid-toggle__icon is-active\"><i class=\"fas fa-plus\"><\/i><\/span><span class=\"wp-block-getwid-toggle__icon is-passive\"><i class=\"fas fa-minus\"><\/i><\/span><\/a><\/span><\/div><div class=\"wp-block-getwid-toggle__content-wrapper\"><div class=\"wp-block-getwid-toggle__content\">\n<p>Experto en gesti\u00f3n p\u00fablica, pol\u00edticas educativas y gesti\u00f3n de la R+I. Con 30 a\u00f1os de experiencia profesional en el \u00e1mbito de la gesti\u00f3n p\u00fablica, donde ha desempe\u00f1ado diversos cargos y responsabilidades. Actualmente es Secretario Ejecutivo de la Asociaci\u00f3n Catalana de Universidades P\u00fablicas (ACUP) y Director de la Global University Network for Innovation (GUNI). Web:<a href=\"http:\/\/josepmvilalta.com\/\" target=\"_blank\" rel=\"noreferrer noopener\"> josepmvilalta.com<\/a><\/p>\n<\/div><\/div><\/div>\n<\/div>\n<\/div><\/div>\n\n\n\n<div class=\"wp-block-genesis-blocks-gb-column gb-block-layout-column\"><div class=\"gb-block-layout-column-inner\">\n<p><\/p>\n<\/div><\/div>\n<\/div><\/div>\n<\/div><\/div><\/div>\n\n\n\n<div class=\"wp-block-genesis-blocks-gb-columns footer-newsletter gb-layout-columns-1 one-column alignfull\"><div class=\"gb-layout-column-wrap gb-block-layout-column-gap-2 gb-is-responsive-column\">\n<div class=\"wp-block-genesis-blocks-gb-column gb-block-layout-column\"><div class=\"gb-block-layout-column-inner\">\n<div class=\"wp-block-genesis-blocks-gb-columns container gb-layout-columns-1 one-column\"><div class=\"gb-layout-column-wrap gb-block-layout-column-gap-2 gb-is-responsive-column\">\n<div class=\"wp-block-genesis-blocks-gb-column gb-block-layout-column\"><div class=\"gb-block-layout-column-inner\"><style>.wp-block-kadence-advancedheading.kt-adv-heading_4d2423-9c, .wp-block-kadence-advancedheading.kt-adv-heading_4d2423-9c[data-kb-block=\"kb-adv-heading_4d2423-9c\"]{font-style:normal;}.wp-block-kadence-advancedheading.kt-adv-heading_4d2423-9c mark.kt-highlight, .wp-block-kadence-advancedheading.kt-adv-heading_4d2423-9c[data-kb-block=\"kb-adv-heading_4d2423-9c\"] mark.kt-highlight{font-style:normal;color:#f76a0c;-webkit-box-decoration-break:clone;box-decoration-break:clone;padding-top:0px;padding-right:0px;padding-bottom:0px;padding-left:0px;}.wp-block-kadence-advancedheading.kt-adv-heading_4d2423-9c img.kb-inline-image, .wp-block-kadence-advancedheading.kt-adv-heading_4d2423-9c[data-kb-block=\"kb-adv-heading_4d2423-9c\"] img.kb-inline-image{width:150px;vertical-align:baseline;}<\/style>\n<h3 class=\"kt-adv-heading_4d2423-9c titol-seccio wp-block-kadence-advancedheading\" data-kb-block=\"kb-adv-heading_4d2423-9c\">Buletina<\/h3>\n\n\n<style>.wp-block-kadence-advancedheading.kt-adv-heading_cf2667-29, .wp-block-kadence-advancedheading.kt-adv-heading_cf2667-29[data-kb-block=\"kb-adv-heading_cf2667-29\"]{font-style:normal;}.wp-block-kadence-advancedheading.kt-adv-heading_cf2667-29 mark.kt-highlight, .wp-block-kadence-advancedheading.kt-adv-heading_cf2667-29[data-kb-block=\"kb-adv-heading_cf2667-29\"] mark.kt-highlight{font-style:normal;color:#f76a0c;-webkit-box-decoration-break:clone;box-decoration-break:clone;padding-top:0px;padding-right:0px;padding-bottom:0px;padding-left:0px;}.wp-block-kadence-advancedheading.kt-adv-heading_cf2667-29 img.kb-inline-image, .wp-block-kadence-advancedheading.kt-adv-heading_cf2667-29[data-kb-block=\"kb-adv-heading_cf2667-29\"] img.kb-inline-image{width:150px;vertical-align:baseline;}<\/style>\n<h4 class=\"kt-adv-heading_cf2667-29 wp-block-kadence-advancedheading\" data-kb-block=\"kb-adv-heading_cf2667-29\">Harpidetu zaitez gizarte-zerbitzuetako berrikuntzarakojoera guztien berri izan nahi baduzu.<\/h4>\n\n\n<\/div><\/div>\n<\/div><\/div>\n<\/div><\/div>\n<\/div><\/div>\n","protected":false},"excerpt":{"rendered":"<p>Patronatuko eta Gizarte Kontseiluko kideak.<\/p>\n","protected":false},"author":1,"featured_media":0,"parent":0,"menu_order":0,"comment_status":"closed","ping_status":"closed","template":"templates\/template-builder.php","meta":{"_acf_changed":false,"inline_featured_image":false,"_kad_blocks_custom_css":"","_kad_blocks_head_custom_js":"","_kad_blocks_body_custom_js":"","_kad_blocks_footer_custom_js":"","footnotes":""},"class_list":["post-13474","page","type-page","status-publish","hentry","post","without-featured-image"],"acf":[],"taxonomy_info":[],"featured_image_src_large":false,"author_info":{"display_name":"admin","author_link":"https:\/\/isocial.cat\/eu\/author\/ideadmin\/"},"comment_info":0,"featured_image_src":null,"featured_image_src_square":null,"_links":{"self":[{"href":"https:\/\/isocial.cat\/eu\/wp-json\/wp\/v2\/pages\/13474","targetHints":{"allow":["GET"]}}],"collection":[{"href":"https:\/\/isocial.cat\/eu\/wp-json\/wp\/v2\/pages"}],"about":[{"href":"https:\/\/isocial.cat\/eu\/wp-json\/wp\/v2\/types\/page"}],"author":[{"embeddable":true,"href":"https:\/\/isocial.cat\/eu\/wp-json\/wp\/v2\/users\/1"}],"replies":[{"embeddable":true,"href":"https:\/\/isocial.cat\/eu\/wp-json\/wp\/v2\/comments?post=13474"}],"version-history":[{"count":4,"href":"https:\/\/isocial.cat\/eu\/wp-json\/wp\/v2\/pages\/13474\/revisions"}],"predecessor-version":[{"id":24710,"href":"https:\/\/isocial.cat\/eu\/wp-json\/wp\/v2\/pages\/13474\/revisions\/24710"}],"wp:attachment":[{"href":"https:\/\/isocial.cat\/eu\/wp-json\/wp\/v2\/media?parent=13474"}],"curies":[{"name":"wp","href":"https:\/\/api.w.org\/{rel}","templated":true}]}}